{"id":689,"date":"2024-12-09T13:40:39","date_gmt":"2024-12-09T12:40:39","guid":{"rendered":"https:\/\/virginietauteure.com\/?post_type=product&#038;p=689"},"modified":"2025-12-15T15:18:45","modified_gmt":"2025-12-15T14:18:45","slug":"une-fin-dannee-integrale","status":"publish","type":"product","link":"https:\/\/virginietauteure.com\/?product=une-fin-dannee-integrale","title":{"rendered":"Une fin d&rsquo;ann\u00e9e &#8211; Int\u00e9grale"},"content":{"rendered":"<div class=\"a-expander-content a-expander-partial-collapse-content\" data-expanded=\"false\">\n<p><span class=\"a-text-bold\">Moi, c\u2019est Lilas<\/span><br \/>\nTrentenaire au pr\u00e9nom fleuri qui ne vit que pour le soleil, la mer, le sable fin et les oiseaux qui chantent, le tout en toute saison. Pour moi, les f\u00eates de fin d\u2019ann\u00e9e sont repr\u00e9sent\u00e9es par une guirlande sur un cocotier. Alors quand je me retrouve au Qu\u00e9bec en plein mois de d\u00e9cembre contrainte et forc\u00e9e, c\u2019est la douche froide. Glaciale m\u00eame, autant par le climat que par mon guide cens\u00e9 me faire appr\u00e9cier la r\u00e9gion. \u00c0 croire qu\u2019il s\u2019est donn\u00e9 pour mission de me faire sortir de mes gonds !<\/p>\n<h4>Laissez moi vous raconter mes d\u00e9boires \u00e0 l&rsquo;h\u00f4tel de glace et tout ce qui en a d\u00e9coul\u00e9!<\/h4>\n<p>Contient une fin d&rsquo;ann\u00e9e givr\u00e9e et une fin d&rsquo;ann\u00e9e mouvement\u00e9e<\/p>\n<\/div>\n","protected":false},"excerpt":{"rendered":"<p>Moi, c\u2019est Lilas Trentenaire au pr\u00e9nom fleuri qui ne vit que pour le soleil, la mer, le sable fin et les oiseaux qui chantent, le tout en toute saison. Pour &hellip; <\/p>\n","protected":false},"featured_media":690,"comment_status":"open","ping_status":"closed","template":"","meta":[],"product_brand":[],"product_cat":[22],"product_tag":[],"class_list":{"0":"post-689","1":"product","2":"type-product","3":"status-publish","4":"has-post-thumbnail","6":"product_cat-integrale-broches","8":"first","9":"instock","10":"shipping-taxable","11":"purchasable","12":"product-type-simple"},"jetpack-related-posts":[],"jetpack_sharing_enabled":true,"_links":{"self":[{"href":"https:\/\/virginietauteure.com\/index.php?rest_route=\/wp\/v2\/product\/689","targetHints":{"allow":["GET"]}}],"collection":[{"href":"https:\/\/virginietauteure.com\/index.php?rest_route=\/wp\/v2\/product"}],"about":[{"href":"https:\/\/virginietauteure.com\/index.php?rest_route=\/wp\/v2\/types\/product"}],"replies":[{"embeddable":true,"href":"https:\/\/virginietauteure.com\/index.php?rest_route=%2Fwp%2Fv2%2Fcomments&post=689"}],"wp:featuredmedia":[{"embeddable":true,"href":"https:\/\/virginietauteure.com\/index.php?rest_route=\/wp\/v2\/media\/690"}],"wp:attachment":[{"href":"https:\/\/virginietauteure.com\/index.php?rest_route=%2Fwp%2Fv2%2Fmedia&parent=689"}],"wp:term":[{"taxonomy":"product_brand","embeddable":true,"href":"https:\/\/virginietauteure.com\/index.php?rest_route=%2Fwp%2Fv2%2Fproduct_brand&post=689"},{"taxonomy":"product_cat","embeddable":true,"href":"https:\/\/virginietauteure.com\/index.php?rest_route=%2Fwp%2Fv2%2Fproduct_cat&post=689"},{"taxonomy":"product_tag","embeddable":true,"href":"https:\/\/virginietauteure.com\/index.php?rest_route=%2Fwp%2Fv2%2Fproduct_tag&post=689"}],"curies":[{"name":"wp","href":"https:\/\/api.w.org\/{rel}","templated":true}]}}